{"version":"1.0","provider_name":"Col\u00e9gio da Imaculada Concei\u00e7\u00e3o","provider_url":"https:\/\/agencialiderdigital.dev.br\/projetos\/colegio-da-imaculada-conceicao","author_name":"liderdigital","author_url":"https:\/\/agencialiderdigital.dev.br\/projetos\/colegio-da-imaculada-conceicao\/author\/liderdigital\/","title":"Setor Pedag\u00f3gico - Col\u00e9gio da Imaculada Concei\u00e7\u00e3o","type":"rich","width":600,"height":338,"html":"<blockquote class=\"wp-embedded-content\" data-secret=\"UqtV2GgXEQ\"><a href=\"https:\/\/agencialiderdigital.dev.br\/projetos\/colegio-da-imaculada-conceicao\/setor-pedagogico\/\">Setor Pedag\u00f3gico<\/a><\/blockquote><iframe sandbox=\"allow-scripts\" security=\"restricted\" src=\"https:\/\/agencialiderdigital.dev.br\/projetos\/colegio-da-imaculada-conceicao\/setor-pedagogico\/embed\/#?secret=UqtV2GgXEQ\" width=\"600\" height=\"338\" title=\"&#8220;Setor Pedag\u00f3gico&#8221; &#8212; Col\u00e9gio da Imaculada Concei\u00e7\u00e3o\" data-secret=\"UqtV2GgXEQ\" frameborder=\"0\" marginwidth=\"0\" marginheight=\"0\" scrolling=\"no\" class=\"wp-embedded-content\"><\/iframe><script>\n\/*! This file is auto-generated *\/\n!function(c,d){\"use strict\";var e=!1,o=!1;if(d.querySelector)if(c.addEventListener)e=!0;if(c.wp=c.wp||{},c.wp.receiveEmbedMessage);else if(c.wp.receiveEmbedMessage=function(e){var t=e.data;if(!t);else if(!(t.secret||t.message||t.value));else if(\/[^a-zA-Z0-9]\/.test(t.secret));else{for(var r,s,a,i=d.querySelectorAll('iframe[data-secret=\"'+t.secret+'\"]'),n=d.querySelectorAll('blockquote[data-secret=\"'+t.secret+'\"]'),o=new RegExp(\"^https?:$\",\"i\"),l=0;l<n.length;l++)n[l].style.display=\"none\";for(l=0;l<i.length;l++)if(r=i[l],e.source!==r.contentWindow);else{if(r.removeAttribute(\"style\"),\"height\"===t.message){if(1e3<(s=parseInt(t.value,10)))s=1e3;else if(~~s<200)s=200;r.height=s}if(\"link\"===t.message)if(s=d.createElement(\"a\"),a=d.createElement(\"a\"),s.href=r.getAttribute(\"src\"),a.href=t.value,!o.test(a.protocol));else if(a.host===s.host)if(d.activeElement===r)c.top.location.href=t.value}}},e)c.addEventListener(\"message\",c.wp.receiveEmbedMessage,!1),d.addEventListener(\"DOMContentLoaded\",t,!1),c.addEventListener(\"load\",t,!1);function t(){if(o);else{o=!0;for(var e,t,r,s=-1!==navigator.appVersion.indexOf(\"MSIE 10\"),a=!!navigator.userAgent.match(\/Trident.*rv:11\\.\/),i=d.querySelectorAll(\"iframe.wp-embedded-content\"),n=0;n<i.length;n++){if(!(r=(t=i[n]).getAttribute(\"data-secret\")))r=Math.random().toString(36).substr(2,10),t.src+=\"#?secret=\"+r,t.setAttribute(\"data-secret\",r);if(s||a)(e=t.cloneNode(!0)).removeAttribute(\"security\"),t.parentNode.replaceChild(e,t);t.contentWindow.postMessage({message:\"ready\",secret:r},\"*\")}}}}(window,document);\n<\/script>\n","description":"Setor Pedag\u00f3gico Mais conhecimento para ajudar na forma\u00e7\u00e3o do seu filho! Pastoral Este \u00e9 um texto meramente fict\u00edcio \u2013 que est\u00e1 sendo usado como demonstrativo do local que seus TEXTOS OFICIAIS ficar\u00e3o. \u00c9 de inteira responsabilidade do cliente que essas \u00e1reas sejam preenchidas com informa\u00e7\u00f5es repassadas ao SETOR DE CRIA\u00c7\u00c3O. Desconsidere o valor dessas informa\u00e7\u00f5es. [&hellip;]","thumbnail_url":"https:\/\/agencialiderdigital.dev.br\/projetos\/colegio-da-imaculada-conceicao\/wp-content\/uploads\/2023\/04\/students-knowing-right-answer.webp"}